{"id":12,"date":"2011-03-13T22:20:15","date_gmt":"2011-03-13T22:20:15","guid":{"rendered":"http:\/\/dis.univ-lyon2.fr\/~Rratsimbazafy\/?page_id=12"},"modified":"2025-05-05T08:23:26","modified_gmt":"2025-05-05T06:23:26","slug":"liste-de-diffusion","status":"publish","type":"page","link":"https:\/\/eric.univ-lyon2.fr\/eda\/?page_id=12","title":{"rendered":"&Eacute;ditions pass\u00e9es"},"content":{"rendered":"<p>Listes des \u00e9ditions pr\u00e9c\u00e9dentes avec les conf\u00e9renciers invit\u00e9s chaque ann\u00e9e.<\/p>\n<ul>\n<li><strong>18e journ\u00e9es EDA<\/strong> (<a href=\".\/eda22arc\/\">EDA 2022<\/a>), Clermont-Ferrand, 27-28 octobre 2022\n<ul>\n<li><a href=\"https:\/\/www.tib.eu\/en\/research-development\/research-groups-and-labs\/scientific-data-management\/staff\/maria-esther-vidal\">Maria-Esther Vidal<\/a>, L3S Hannovre, Allemagne<\/li>\n<li><a href=\"https:\/\/www.linkedin.com\/in\/pierre-grenier-97b809194\/\">Pierre Grenier<\/a>, Alliance Agreenium<\/li>\n<\/ul>\n<\/li>\n<li><strong>17e journ\u00e9es EDA<\/strong> (<a href=\".\/eda21arc\/\">EDA 2021<\/a>), Toulouse (en ligne), 1-2 juillet 2021\n<ul>\n<li><a href=\"http:\/\/atzeni.dia.uniroma3.it\/\">Paolo Atzeni<\/a>, Universit\u00e0 Roma Tre, Italy<\/li>\n<\/ul>\n<\/li>\n<li><strong>16e journ\u00e9es EDA<\/strong> (<a href=\".\/eda20arc\/\">EDA 2020<\/a>), Lyon (en ligne), 25-27 ao\u00fbt 2020, en conjonction avec les conf\u00e9rences internationales ADBIS 2020 et TPDL 2020\n<ul>\n<li>Elaine Toms, University of Sheffield, UK<\/li>\n<li><a href=\"https:\/\/sites.cs.ucsb.edu\/~amr\/\">Amr El Abbadi<\/a>, University of California, USA<\/li>\n<li><a href=\"http:\/\/www.inf.unibz.it\/~gamper\/\">Johann Gamper<\/a>, Free University of Bozen-Bolzano, Italy<\/li>\n<li><a href=\"https:\/\/pages.saclay.inria.fr\/ioana.manolescu\/\">Ioana Manolescu<\/a>, Inria Saclay-\u00cele-de-France et &Eacute;cole Polytechnique<\/li>\n<li><a href=\"http:\/\/www.info.univ-tours.fr\/~veronika\/\">Ver\u00f3nika Peralta<\/a>, Universit\u00e9 de Tours<\/li>\n<\/ul>\n<\/li>\n<li><strong>15e journ\u00e9es EDA<\/strong> (<a href=\".\/eda19arc\/\">EDA 2019<\/a>), Montpellier, 3-4 octobre 2019\n<ul>\n<li><a href=\"https:\/\/www.jacobs-university.de\/directory\/pbaumann\">Peter Baumann<\/a>, Jacobs University, Br\u00eame, Allemagne<\/li>\n<li>Laurent d&rsquo;Orazio, Universit\u00e9 Rennes 1<\/li>\n<\/ul>\n<\/li>\n<li><strong>14e journ\u00e9es EDA<\/strong> (<a href=\".\/eda18arc\/\">EDA 2018<\/a>), Tanger, Maroc, 4-6 octobre 2018\n<ul>\n<li><a href=\"http:\/\/www-db.deis.unibo.it\/~srizzi\/\">Stefano Rizzi<\/a>, Universit\u00e9 of Bologne, Italie<\/li>\n<li><a href=\"https:\/\/www.linkedin.com\/in\/azedine-boulmakoul-719ba527\/\">Azedine Boulmakoul<\/a>, Universit\u00e9 Hassan II, Casablanca, Maroc<\/li>\n<\/ul>\n<\/li>\n<li><strong>13e journ\u00e9es EDA<\/strong> (<a href=\".\/eda17arc\/\">EDA 2017<\/a>), Lyon, 3-5 mai 2017\n<ul>\n<li><a href=\"http:\/\/www.cs.put.poznan.pl\/rwrembel\/\">Robert Wrembel<\/a>, Poznan University of Technology, Pologne<\/li>\n<li><a href=\"https:\/\/www.irit.fr\/spip.php?page=annuaire&#038;lang=en&#038;code=157\">Abdelkader Hameurlain<\/a>, IRIT Toulouse<\/li>\n<\/ul>\n<\/li>\n<li><strong>12e journ\u00e9es EDA<\/strong> (<a href=\".\/eda16arc\/eda16\/\">EDA 2016<\/a>), Aix-en-Provence, 9-10 mai 2016\n<ul>\n<li><a href=\"https:\/\/web.archive.org\/web\/20220523111913\/https:\/\/przymus.org\/\">Piotr Przymus<\/a>, Universit\u00e9 de Torun Nicolas Copernic, Pologne<\/li>\n<li><a href=\"https:\/\/fr.linkedin.com\/in\/patrickbeaucamp\">Patrick Beaucamp<\/a>, BPM Conseil, Lyon<\/li>\n<li><a href=\"http:\/\/pageperso.lif.univ-mrs.fr\/~viet.phanluong\/\">Viet Phan Luong<\/a>, Aix Marseille Universit\u00e9<\/li>\n<\/ul>\n<\/li>\n<li><strong>11e journ\u00e9es EDA<\/strong> (<a href=\".\/eda15arc\/\">EDA 2015<\/a>), Bruxelles, Belgique, 2-3 avril 2015\n<ul>\n<li><a href=\"https:\/\/web.archive.org\/web\/20220415160843\/https:\/\/benny.net.technion.ac.il\/\">Benny Kimelfeld<\/a>, Technion, Israel Institute of Technology, Isra\u00ebl<\/li>\n<li><a href=\"http:\/\/www.francescobonchi.com\">Francesco Bonchi<\/a>, Yahoo Labs Barcelona, Espagne<\/li>\n<\/ul>\n<\/li>\n<li><strong>10e journ\u00e9es EDA<\/strong> (<a href=\".\/eda14arc\/\">EDA 2014<\/a>), Vichy, 5-6 juin 2014\n<ul>\n<li><a href=\"http:\/\/www.cs.uoi.gr\/~pvassil\/\">Panos Vassiliadis<\/a>, University of Ioannina, Gr\u00e8ce<\/li>\n<li>Nga Tran, HP\/Vertica, USA<\/li>\n<\/ul>\n<\/li>\n<li><strong>9e journ\u00e9es EDA<\/strong> (<a href=\".\/eda13arc\/\">EDA 2013<\/a>), Blois, 13-14 juin 2013\n<ul>\n<li>Alexander L\u00f6ser, Technische Universit\u00e4t Berlin, Allemagne<\/li>\n<li><a href=\"http:\/\/www.cs.uoi.gr\/~pvassil\/\">Panos Vassiliadis<\/a>, University of Ioannina, Gr\u00e8ce<\/li>\n<li>Yannick Cras, SAP-BO<\/li>\n<\/ul>\n<\/li>\n<li><strong>8e journ\u00e9es EDA<\/strong> (<a href=\".\/eda12arc\/\">EDA 2012<\/a>), Bordeaux, 12-13 juin 2012\n<ul>\n<li>Carlos Ordonez, University of Houston, USA<\/li>\n<li>Chedy Ra\u00efssi, INRIA Nancy<\/li>\n<li>Franck Duluc, Airbus<\/li>\n<\/ul>\n<\/li>\n<li><strong>7e journ\u00e9es EDA<\/strong> (<a href=\".\/eda11arc\/\">EDA 2011<\/a>), Clermont-Ferrand, 8-9 juin 2011\n<ul>\n<li><a href=\"http:\/\/www.essi.upc.edu\/~aabello\/\">Alberto Abell\u00f3<\/a>, Universitat Polyt\u00e8chnica de Cataluyna, Barcelone, Espagne<\/li>\n<\/ul>\n<\/li>\n<li><strong>6e journ\u00e9es EDA<\/strong> (<a href=\".\/eda10arc\/\">EDA 2010<\/a>), Djerba, Tunisie, 10-13 juin 2010\n<ul>\n<li><a href=\"http:\/\/bias.csr.unibo.it\/golfarelli\/\">Matteo Golfarelli<\/a>, Universit\u00e0 di Bologna, Italie<\/li>\n<li>Azedine Boulmakoul, Universit\u00e9 Hassan II, Mohammedia, Maroc<\/li>\n<\/ul>\n<\/li>\n<li><strong>5e journ\u00e9es EDA<\/strong> (<a href=\".\/eda09arc\/\">EDA 2009<\/a>), Montpellier, 4-5 juin 2009\n<ul>\n<li>Torben Bach Pedersen, Aalborg Universitet, Danemark<\/li>\n<\/ul>\n<\/li>\n<li><strong>4e journ\u00e9es EDA<\/strong> (<a href=\".\/eda08arc\/\">EDA 2008<\/a>), Toulouse, 5-6 juin 2008\n<ul>\n<li><a href=\"http:\/\/www.dlsi.ua.es\/~jtrujillo\/\">Juan Trujillo<\/a>, Universitat de Alicante, Espagne<\/li>\n<li><a href=\"http:\/\/georges.gardarin.free.fr\/\">Georges Gardarin<\/a>, Universit\u00e9 de Versailles Saint-Quentin<\/li>\n<\/ul>\n<\/li>\n<li><strong>3e journ\u00e9es EDA<\/strong> (<a href=\".\/eda07arc\/\">EDA 2007<\/a>), Poitiers, 7-8 juin 2007\n<ul>\n<li>Mukesh Mohania, IBM India<\/li>\n<li>Witold Litwin, Universit\u00e9 Paris-Dauphine<\/li>\n<\/ul>\n<\/li>\n<li><strong>2e journ\u00e9e EDA<\/strong> (<a href=\".\/eda06arc\/\">EDA 2006<\/a>), Versailles, 19 juin 2006\n<ul>\n<li><a href=\"https:\/\/abiteboul.com\">Serge Abiteboul<\/a>, INRIA<\/li>\n<\/ul>\n<\/li>\n<li><strong>1re journ\u00e9e EDA<\/strong> (<a href=\".\/eda05arc\/\">EDA 2005<\/a>), Lyon, 10 juin 2005\n<ul>\n<li>Yvan B\u00e9dard, Universit\u00e9 Laval, Qu\u00e9bec<\/li>\n<\/ul>\n<\/li>\n<\/ul>\n","protected":false},"excerpt":{"rendered":"<p>Listes des \u00e9ditions pr\u00e9c\u00e9dentes avec les conf\u00e9renciers invit\u00e9s chaque ann\u00e9e. 18e journ\u00e9es EDA (EDA 2022), Clermont-Ferrand, 27-28 octobre 2022 Maria-Esther Vidal, L3S Hannovre, Allemagne Pierre Grenier, Alliance Agreenium 17e journ\u00e9es EDA (EDA 2021), Toulouse (en ligne), 1-2 juillet 2021 Paolo Atzeni, Universit\u00e0 Roma Tre, Italy 16e journ\u00e9es EDA (EDA 2020), Lyon (en ligne), 25-27 ao\u00fbt [&hellip;]<\/p>\n","protected":false},"author":2,"featured_media":0,"parent":0,"menu_order":10,"comment_status":"closed","ping_status":"closed","template":"","meta":{"footnotes":"","_links_to":"","_links_to_target":""},"class_list":["post-12","page","type-page","status-publish","hentry"],"_links":{"self":[{"href":"https:\/\/eric.univ-lyon2.fr\/eda\/index.php?rest_route=\/wp\/v2\/pages\/12","targetHints":{"allow":["GET"]}}],"collection":[{"href":"https:\/\/eric.univ-lyon2.fr\/eda\/index.php?rest_route=\/wp\/v2\/pages"}],"about":[{"href":"https:\/\/eric.univ-lyon2.fr\/eda\/index.php?rest_route=\/wp\/v2\/types\/page"}],"author":[{"embeddable":true,"href":"https:\/\/eric.univ-lyon2.fr\/eda\/index.php?rest_route=\/wp\/v2\/users\/2"}],"replies":[{"embeddable":true,"href":"https:\/\/eric.univ-lyon2.fr\/eda\/index.php?rest_route=%2Fwp%2Fv2%2Fcomments&post=12"}],"version-history":[{"count":45,"href":"https:\/\/eric.univ-lyon2.fr\/eda\/index.php?rest_route=\/wp\/v2\/pages\/12\/revisions"}],"predecessor-version":[{"id":10000597,"href":"https:\/\/eric.univ-lyon2.fr\/eda\/index.php?rest_route=\/wp\/v2\/pages\/12\/revisions\/10000597"}],"wp:attachment":[{"href":"https:\/\/eric.univ-lyon2.fr\/eda\/index.php?rest_route=%2Fwp%2Fv2%2Fmedia&parent=12"}],"curies":[{"name":"wp","href":"https:\/\/api.w.org\/{rel}","templated":true}]}}